{"id":453,"date":"2021-10-01T10:50:38","date_gmt":"2021-10-01T08:50:38","guid":{"rendered":"https:\/\/www.kunst-vor-ort.de\/?post_type=project&#038;p=453"},"modified":"2022-02-15T11:17:53","modified_gmt":"2022-02-15T10:17:53","slug":"polka-fuer-igor","status":"publish","type":"project","link":"https:\/\/www.kunst-vor-ort.de\/projekt\/polka-fuer-igor\/","title":{"rendered":"Polka f\u00fcr Igor"},"content":{"rendered":"\n<div style=\"height:60px\" aria-hidden=\"true\" class=\"wp-block-spacer show-on-mobile\"><\/div>\n\n\n\n<h1 class=\"has-text-align-center wp-block-heading\" id=\"polka-fur-igor\"><strong>Polka f\u00fcr Igor<\/strong><\/h1>\n\n\n\n<div style=\"height:100px\" aria-hidden=\"true\" class=\"wp-block-spacer show-on-desktop\"><\/div>\n\n\n\n<div style=\"height:40px\" aria-hidden=\"true\" class=\"wp-block-spacer show-on-mobile\"><\/div>\n\n\n\n<div class=\"wp-block-columns default-width divider-lines show-on-desktop is-layout-flex wp-container-core-columns-is-layout-9d6595d7 wp-block-columns-is-layout-flex\">\n<div class=\"wp-block-column is-layout-flow wp-block-column-is-layout-flow\">\n<p>Wir haben in den Sommerferien im Jahr 2020 an dem spannenden Projekt ZirkusPolka gearbeitet. Reisen war im Corona-Jahr 2020 schwierig, aber die Fantasie kann immer auf Reisen gehen und eine eigene Welt gestalten. <br><br>Ein Meister der Fantasiereisen und Fabulierkunst ist der alte Zirkushund Igor. Die Autorin Iris Anemone Paul hat das bezaubernde Bilderbuch \u201ePolka f\u00fcr Igor\u201c geschrieben, welches vom Theater Lutz Hagen auf die B\u00fchne gebracht wurde. F\u00fcr die Gestaltung des B\u00fchnenbilds waren wir u.a. verantwortlich.<\/p>\n<\/div>\n\n\n\n<div class=\"wp-block-column is-layout-flow wp-block-column-is-layout-flow\">\n<p>In Wehringhausen, Altenhagen und Haspe haben ca. 75 Kinder und Jugendliche gro\u00dfe Stoffbanner mit Zirkus-Elementen aus der Bilderbuchgeschichte mit Spachteln bekrakelt und mit Wachsmalern bemalt. Die Ergebnisse sind wirklich toll geworden und passen perfekt auf die B\u00fchne des Theatersaals. <br><br>Das Projekt wurde gef\u00f6rdert von \u201eZur B\u00fchne\u201c, dem F\u00f6rderprogramm des Deutschen B\u00fchnenvereins im Rahmen von \u201eKultur macht Stark! B\u00fcndnis f\u00fcr Bildung\u201c des Bundesministeriums f\u00fcr Bildung und Forschung.<\/p>\n<\/div>\n<\/div>\n\n\n\n<div class=\"wp-block-columns show-on-mobile is-layout-flex wp-container-core-columns-is-layout-9d6595d7 wp-block-columns-is-layout-flex\">\n<div class=\"wp-block-column is-layout-flow wp-block-column-is-layout-flow\">\n<p class=\"has-text-align-center\">Wir haben in den Sommerferien im Jahr 2020 an dem spannenden Projekt ZirkusPolka gearbeitet. Reisen war im Corona-Jahr 2020 schwierig, aber die Fantasie kann immer auf Reisen gehen und eine eigene Welt gestalten. <br><br>Ein Meister der Fantasiereisen und Fabulierkunst ist der alte Zirkushund Igor. Die Autorin Iris Anemone Paul hat das bezaubernde Bilderbuch \u201ePolka f\u00fcr Igor\u201c geschrieben, welches vom Theater Lutz Hagen auf die B\u00fchne gebracht wurde. F\u00fcr die Gestaltung des B\u00fchnenbilds waren wir u.a. verantwortlich.<\/p>\n<\/div>\n\n\n\n<div class=\"wp-block-column is-layout-flow wp-block-column-is-layout-flow\">\n<p class=\"has-text-align-center\">In Wehringhausen, Altenhagen und Haspe haben ca. 75 Kinder und Jugendliche gro\u00dfe Stoffbanner mit Zirkus-Elementen aus der Bilderbuchgeschichte mit Spachteln bekrakelt und mit Wachsmalern bemalt. Die Ergebnisse sind wirklich toll geworden und passen perfekt auf die B\u00fchne des Theatersaals. <br><br>Das Projekt wurde gef\u00f6rdert von \u201eZur B\u00fchne\u201c, dem F\u00f6rderprogramm des Deutschen B\u00fchnenvereins im Rahmen von \u201eKultur macht Stark! B\u00fcndnis f\u00fcr Bildung\u201c des Bundesministeriums f\u00fcr Bildung und Forschung.<\/p>\n<\/div>\n<\/div>\n\n\n\n<div class=\"wp-block-group default-width is-layout-flow wp-block-group-is-layout-flow\">\n<div style=\"height:100px\" aria-hidden=\"true\" class=\"wp-block-spacer show-on-desktop\"><\/div>\n\n\n\n<div style=\"height:40px\" aria-hidden=\"true\" class=\"wp-block-spacer show-on-mobile\"><\/div>\n\n\n<div class='block-custom-gallery gallery-grid grid-m-3 grid-l-3 type-relative'><div class='image-wrap'><a href='https:\/\/www.kunst-vor-ort.de\/wp-content\/uploads\/2021\/10\/pol_01.jpg' data-fancybox='polka-fuer-igor' ><img src='https:\/\/www.kunst-vor-ort.de\/wp-content\/uploads\/2021\/10\/pol_01.jpg' alt='' class='default src-acf type-img size-relative' srcset='https:\/\/www.kunst-vor-ort.de\/wp-content\/uploads\/2021\/10\/pol_01-540x720.jpg 540w,https:\/\/www.kunst-vor-ort.de\/wp-content\/uploads\/2021\/10\/pol_01-1080x1440.jpg 1080w,https:\/\/www.kunst-vor-ort.de\/wp-content\/uploads\/2021\/10\/pol_01.jpg 1440w,'  sizes='(max-width: 768px) 100vw, 33vw' \/><\/a><\/div><div class='image-wrap'><a href='https:\/\/www.kunst-vor-ort.de\/wp-content\/uploads\/2021\/10\/pol_02.jpg' data-fancybox='polka-fuer-igor' ><img src='https:\/\/www.kunst-vor-ort.de\/wp-content\/uploads\/2021\/10\/pol_02.jpg' alt='' class='default src-acf type-img size-relative' srcset='https:\/\/www.kunst-vor-ort.de\/wp-content\/uploads\/2021\/10\/pol_02-540x720.jpg 540w,https:\/\/www.kunst-vor-ort.de\/wp-content\/uploads\/2021\/10\/pol_02-1080x1440.jpg 1080w,https:\/\/www.kunst-vor-ort.de\/wp-content\/uploads\/2021\/10\/pol_02.jpg 1440w,'  sizes='(max-width: 768px) 100vw, 33vw' \/><\/a><\/div><div class='image-wrap'><a href='https:\/\/www.kunst-vor-ort.de\/wp-content\/uploads\/2021\/10\/pol_03.jpg' data-fancybox='polka-fuer-igor' ><img src='https:\/\/www.kunst-vor-ort.de\/wp-content\/uploads\/2021\/10\/pol_03.jpg' alt='' class='default src-acf type-img size-relative' srcset='https:\/\/www.kunst-vor-ort.de\/wp-content\/uploads\/2021\/10\/pol_03-540x720.jpg 540w,https:\/\/www.kunst-vor-ort.de\/wp-content\/uploads\/2021\/10\/pol_03-1080x1440.jpg 1080w,https:\/\/www.kunst-vor-ort.de\/wp-content\/uploads\/2021\/10\/pol_03.jpg 1440w,'  sizes='(max-width: 768px) 100vw, 33vw' \/><\/a><\/div><\/div>\n\n\n<div style=\"height:30px\" aria-hidden=\"true\" class=\"wp-block-spacer\"><\/div>\n\n\n<div class='block-custom-gallery gallery-grid grid-m-3 grid-l-3 type-relative'><div class='image-wrap'><a href='https:\/\/www.kunst-vor-ort.de\/wp-content\/uploads\/2021\/10\/pol_06.jpg' data-fancybox='polka-fuer-igor' ><img src='https:\/\/www.kunst-vor-ort.de\/wp-content\/uploads\/2021\/10\/pol_06.jpg' alt='' class='default src-acf type-img size-relative' srcset='https:\/\/www.kunst-vor-ort.de\/wp-content\/uploads\/2021\/10\/pol_06-540x720.jpg 540w,https:\/\/www.kunst-vor-ort.de\/wp-content\/uploads\/2021\/10\/pol_06-1080x1440.jpg 1080w,https:\/\/www.kunst-vor-ort.de\/wp-content\/uploads\/2021\/10\/pol_06.jpg 1440w,'  sizes='(max-width: 768px) 100vw, 33vw' \/><\/a><\/div><div class='image-wrap'><a href='https:\/\/www.kunst-vor-ort.de\/wp-content\/uploads\/2021\/10\/pol_05.jpg' data-fancybox='polka-fuer-igor' ><img src='https:\/\/www.kunst-vor-ort.de\/wp-content\/uploads\/2021\/10\/pol_05.jpg' alt='' class='default src-acf type-img size-relative' srcset='https:\/\/www.kunst-vor-ort.de\/wp-content\/uploads\/2021\/10\/pol_05-540x720.jpg 540w,https:\/\/www.kunst-vor-ort.de\/wp-content\/uploads\/2021\/10\/pol_05-1080x1440.jpg 1080w,https:\/\/www.kunst-vor-ort.de\/wp-content\/uploads\/2021\/10\/pol_05.jpg 1440w,'  sizes='(max-width: 768px) 100vw, 33vw' \/><\/a><\/div><div class='image-wrap'><a href='https:\/\/www.kunst-vor-ort.de\/wp-content\/uploads\/2021\/10\/pol_04.jpg' data-fancybox='polka-fuer-igor' ><img src='https:\/\/www.kunst-vor-ort.de\/wp-content\/uploads\/2021\/10\/pol_04.jpg' alt='' class='default src-acf type-img size-relative' srcset='https:\/\/www.kunst-vor-ort.de\/wp-content\/uploads\/2021\/10\/pol_04-540x720.jpg 540w,https:\/\/www.kunst-vor-ort.de\/wp-content\/uploads\/2021\/10\/pol_04-1080x1440.jpg 1080w,https:\/\/www.kunst-vor-ort.de\/wp-content\/uploads\/2021\/10\/pol_04.jpg 1440w,'  sizes='(max-width: 768px) 100vw, 33vw' \/><\/a><\/div><\/div>\n\n\n<p><\/p>\n\n\n<div class='block-custom-gallery gallery-grid grid-m-3 grid-l-2 type-relative'><div class='image-wrap'><a href='https:\/\/www.kunst-vor-ort.de\/wp-content\/uploads\/2021\/10\/Zirkuspolka-Kunst-vor-Ort-4700.jpg' data-fancybox='polka-fuer-igor' ><img src='https:\/\/www.kunst-vor-ort.de\/wp-content\/uploads\/2021\/10\/Zirkuspolka-Kunst-vor-Ort-4700.jpg' alt='' class='default src-acf type-img size-relative' srcset='https:\/\/www.kunst-vor-ort.de\/wp-content\/uploads\/2021\/10\/Zirkuspolka-Kunst-vor-Ort-4700-720x479.jpg 720w,https:\/\/www.kunst-vor-ort.de\/wp-content\/uploads\/2021\/10\/Zirkuspolka-Kunst-vor-Ort-4700-1440x958.jpg 1440w,https:\/\/www.kunst-vor-ort.de\/wp-content\/uploads\/2021\/10\/Zirkuspolka-Kunst-vor-Ort-4700-1920x1277.jpg 1920w,https:\/\/www.kunst-vor-ort.de\/wp-content\/uploads\/2021\/10\/Zirkuspolka-Kunst-vor-Ort-4700-2560x1703.jpg 2560w,'  sizes='(max-width: 768px) 100vw, 33vw' \/><\/a><\/div><div class='image-wrap'><a href='https:\/\/www.kunst-vor-ort.de\/wp-content\/uploads\/2021\/10\/Zirkuspolka-Kunst-vor-Ort-4764.jpg' data-fancybox='polka-fuer-igor' ><img src='https:\/\/www.kunst-vor-ort.de\/wp-content\/uploads\/2021\/10\/Zirkuspolka-Kunst-vor-Ort-4764.jpg' alt='' class='default src-acf type-img size-relative' srcset='https:\/\/www.kunst-vor-ort.de\/wp-content\/uploads\/2021\/10\/Zirkuspolka-Kunst-vor-Ort-4764-720x479.jpg 720w,https:\/\/www.kunst-vor-ort.de\/wp-content\/uploads\/2021\/10\/Zirkuspolka-Kunst-vor-Ort-4764-1440x958.jpg 1440w,https:\/\/www.kunst-vor-ort.de\/wp-content\/uploads\/2021\/10\/Zirkuspolka-Kunst-vor-Ort-4764-1920x1277.jpg 1920w,https:\/\/www.kunst-vor-ort.de\/wp-content\/uploads\/2021\/10\/Zirkuspolka-Kunst-vor-Ort-4764-2560x1703.jpg 2560w,'  sizes='(max-width: 768px) 100vw, 33vw' \/><\/a><\/div><\/div>\n\n\n<div style=\"height:30px\" aria-hidden=\"true\" class=\"wp-block-spacer\"><\/div>\n\n\n<div class='block-custom-gallery gallery-grid grid-m-3 grid-l-3 type-relative'><div class='image-wrap'><a href='https:\/\/www.kunst-vor-ort.de\/wp-content\/uploads\/2021\/10\/DSC_9359.jpg' data-fancybox='polka-fuer-igor' ><img src='https:\/\/www.kunst-vor-ort.de\/wp-content\/uploads\/2021\/10\/DSC_9359.jpg' alt='' class='default src-acf type-img size-relative' srcset='https:\/\/www.kunst-vor-ort.de\/wp-content\/uploads\/2021\/10\/DSC_9359-481x720.jpg 481w,https:\/\/www.kunst-vor-ort.de\/wp-content\/uploads\/2021\/10\/DSC_9359-961x1440.jpg 961w,https:\/\/www.kunst-vor-ort.de\/wp-content\/uploads\/2021\/10\/DSC_9359-1282x1920.jpg 1282w,https:\/\/www.kunst-vor-ort.de\/wp-content\/uploads\/2021\/10\/DSC_9359-1709x2560.jpg 1709w,'  sizes='(max-width: 768px) 100vw, 33vw' \/><\/a><\/div><div class='image-wrap'><a href='https:\/\/www.kunst-vor-ort.de\/wp-content\/uploads\/2021\/10\/DSC_9172.jpg' data-fancybox='polka-fuer-igor' ><img src='https:\/\/www.kunst-vor-ort.de\/wp-content\/uploads\/2021\/10\/DSC_9172.jpg' alt='' class='default src-acf type-img size-relative' srcset='https:\/\/www.kunst-vor-ort.de\/wp-content\/uploads\/2021\/10\/DSC_9172-481x720.jpg 481w,https:\/\/www.kunst-vor-ort.de\/wp-content\/uploads\/2021\/10\/DSC_9172-961x1440.jpg 961w,https:\/\/www.kunst-vor-ort.de\/wp-content\/uploads\/2021\/10\/DSC_9172-1282x1920.jpg 1282w,https:\/\/www.kunst-vor-ort.de\/wp-content\/uploads\/2021\/10\/DSC_9172-1709x2560.jpg 1709w,'  sizes='(max-width: 768px) 100vw, 33vw' \/><\/a><\/div><div class='image-wrap'><a href='https:\/\/www.kunst-vor-ort.de\/wp-content\/uploads\/2021\/10\/DSC_9091.jpg' data-fancybox='polka-fuer-igor' ><img src='https:\/\/www.kunst-vor-ort.de\/wp-content\/uploads\/2021\/10\/DSC_9091.jpg' alt='' class='default src-acf type-img size-relative' srcset='https:\/\/www.kunst-vor-ort.de\/wp-content\/uploads\/2021\/10\/DSC_9091-481x720.jpg 481w,https:\/\/www.kunst-vor-ort.de\/wp-content\/uploads\/2021\/10\/DSC_9091-961x1440.jpg 961w,https:\/\/www.kunst-vor-ort.de\/wp-content\/uploads\/2021\/10\/DSC_9091-1282x1920.jpg 1282w,https:\/\/www.kunst-vor-ort.de\/wp-content\/uploads\/2021\/10\/DSC_9091-1709x2560.jpg 1709w,'  sizes='(max-width: 768px) 100vw, 33vw' \/><\/a><\/div><\/div>\n\n\n<div style=\"height:30px\" aria-hidden=\"true\" class=\"wp-block-spacer\"><\/div>\n\n\n<div class='block-custom-gallery single-image'><div class='image-wrap'><a href='https:\/\/www.kunst-vor-ort.de\/wp-content\/uploads\/2021\/10\/DSC_9251.jpg' data-fancybox='polka-fuer-igor'><img src='https:\/\/www.kunst-vor-ort.de\/wp-content\/uploads\/2021\/10\/DSC_9251.jpg' alt='' class='default src-acf type-img size-default' srcset='https:\/\/www.kunst-vor-ort.de\/wp-content\/uploads\/2021\/10\/DSC_9251-480x360.jpg 480w,https:\/\/www.kunst-vor-ort.de\/wp-content\/uploads\/2021\/10\/DSC_9251-720x540.jpg 720w,https:\/\/www.kunst-vor-ort.de\/wp-content\/uploads\/2021\/10\/DSC_9251-1280x960.jpg 1280w,https:\/\/www.kunst-vor-ort.de\/wp-content\/uploads\/2021\/10\/DSC_9251-1920x1440.jpg 1920w,'  sizes='(max-width: 768px) 100vw, 50vw' \/><\/a><\/div><\/div>\n\n\n<div style=\"height:30px\" aria-hidden=\"true\" class=\"wp-block-spacer\"><\/div>\n<\/div>\n\n\n\n<p class=\"has-text-align-center\">Fotos: Kunst vor Ort, Heike Thomese-Osthoff<\/p>\n","protected":false},"featured_media":456,"menu_order":1006,"template":"","class_list":["post-453","project","type-project","status-publish","has-post-thumbnail","hentry"],"acf":[],"_links":{"self":[{"href":"https:\/\/www.kunst-vor-ort.de\/api\/wp\/v2\/project\/453","targetHints":{"allow":["GET"]}}],"collection":[{"href":"https:\/\/www.kunst-vor-ort.de\/api\/wp\/v2\/project"}],"about":[{"href":"https:\/\/www.kunst-vor-ort.de\/api\/wp\/v2\/types\/project"}],"wp:featuredmedia":[{"embeddable":true,"href":"https:\/\/www.kunst-vor-ort.de\/api\/wp\/v2\/media\/456"}],"wp:attachment":[{"href":"https:\/\/www.kunst-vor-ort.de\/api\/wp\/v2\/media?parent=453"}],"curies":[{"name":"wp","href":"https:\/\/api.w.org\/{rel}","templated":true}]}}